{"id":1394,"date":"2023-05-29T12:25:05","date_gmt":"2023-05-29T10:25:05","guid":{"rendered":"https:\/\/enfantsdudesert.org\/boutique\/?post_type=product&#038;p=1394"},"modified":"2025-09-15T00:03:58","modified_gmt":"2025-09-14T22:03:58","slug":"trio-de-magnets-a-colorier","status":"publish","type":"product","link":"https:\/\/enfantsdudesert.org\/boutique\/produit\/trio-de-magnets-a-colorier\/","title":{"rendered":"Trio de magnets \u00e0 colorier"},"content":{"rendered":"","protected":false},"excerpt":{"rendered":"<p>Ces magnets ont \u00e9t\u00e9 r\u00e9alis\u00e9s \u00e0 partir des illustrations de notre carnet de coloriages. \ud83c\udf1e Cela peut compl\u00e9ter \u00e0 merveille l&#8217;achat de ce carnet o\u00f9 vous retrouverez une double page d\u00e9di\u00e9e \u00e0 chacun des mod\u00e8les de magnet accompagn\u00e9 d&#8217;anecdotes et de d\u00e9couvertes. Carnet \u00e0 retrouver par <strong><a href=\"https:\/\/enfantsdudesert.org\/boutique\/produit\/carnet-de-coloriages-et-de-decouvertes-enfants-du-desert\/\" target=\"_blank\" rel=\"noopener\">ici<\/a><\/strong>.<\/p>\n<p><strong>\u25b6 <\/strong>Lot de 3 magnets \u00e0 colorier : <em>dromadaires<\/em>, <em>paysage<\/em> et <em>tajines<\/em>, diam\u00e8tre de 5,6 cm. Se vend uniquement par lot de 3 &#8211; fabrication fran\u00e7aise.\u00a0<strong><br \/>\n\ud83d\udc8c\u00a0 <\/strong>Ces prix comprennent les frais de port (<em>France m\u00e9tropolitaine<\/em>).<br \/>\n\ud83e\udde1 100 % des ventes en soutien de nos actions.<\/p>\n","protected":false},"featured_media":1397,"template":"","meta":{"ocean_post_layout":"","ocean_both_sidebars_style":"","ocean_both_sidebars_content_width":0,"ocean_both_sidebars_sidebars_width":0,"ocean_sidebar":"0","ocean_second_sidebar":"0","ocean_disable_margins":"enable","ocean_add_body_class":"","ocean_shortcode_before_top_bar":"","ocean_shortcode_after_top_bar":"","ocean_shortcode_before_header":"","ocean_shortcode_after_header":"","ocean_has_shortcode":"","ocean_shortcode_after_title":"","ocean_shortcode_before_footer_widgets":"","ocean_shortcode_after_footer_widgets":"","ocean_shortcode_before_footer_bottom":"","ocean_shortcode_after_footer_bottom":"","ocean_display_top_bar":"default","ocean_display_header":"default","ocean_header_style":"","ocean_center_header_left_menu":"0","ocean_custom_header_template":"0","ocean_custom_logo":0,"ocean_custom_retina_logo":0,"ocean_custom_logo_max_width":0,"ocean_custom_logo_tablet_max_width":0,"ocean_custom_logo_mobile_max_width":0,"ocean_custom_logo_max_height":0,"ocean_custom_logo_tablet_max_height":0,"ocean_custom_logo_mobile_max_height":0,"ocean_header_custom_menu":"0","ocean_menu_typo_font_family":"0","ocean_menu_typo_font_subset":"","ocean_menu_typo_font_size":0,"ocean_menu_typo_font_size_tablet":0,"ocean_menu_typo_font_size_mobile":0,"ocean_menu_typo_font_size_unit":"px","ocean_menu_typo_font_weight":"","ocean_menu_typo_font_weight_tablet":"","ocean_menu_typo_font_weight_mobile":"","ocean_menu_typo_transform":"","ocean_menu_typo_transform_tablet":"","ocean_menu_typo_transform_mobile":"","ocean_menu_typo_line_height":0,"ocean_menu_typo_line_height_tablet":0,"ocean_menu_typo_line_height_mobile":0,"ocean_menu_typo_line_height_unit":"","ocean_menu_typo_spacing":0,"ocean_menu_typo_spacing_tablet":0,"ocean_menu_typo_spacing_mobile":0,"ocean_menu_typo_spacing_unit":"","ocean_menu_link_color":"","ocean_menu_link_color_hover":"","ocean_menu_link_color_active":"","ocean_menu_link_background":"","ocean_menu_link_hover_background":"","ocean_menu_link_active_background":"","ocean_menu_social_links_bg":"","ocean_menu_social_hover_links_bg":"","ocean_menu_social_links_color":"","ocean_menu_social_hover_links_color":"","ocean_disable_title":"default","ocean_disable_heading":"default","ocean_post_title":"","ocean_post_subheading":"","ocean_post_title_style":"","ocean_post_title_background_color":"","ocean_post_title_background":0,"ocean_post_title_bg_image_position":"","ocean_post_title_bg_image_attachment":"","ocean_post_title_bg_image_repeat":"","ocean_post_title_bg_image_size":"","ocean_post_title_height":0,"ocean_post_title_bg_overlay":0.5,"ocean_post_title_bg_overlay_color":"","ocean_disable_breadcrumbs":"default","ocean_breadcrumbs_color":"","ocean_breadcrumbs_separator_color":"","ocean_breadcrumbs_links_color":"","ocean_breadcrumbs_links_hover_color":"","ocean_display_footer_widgets":"default","ocean_display_footer_bottom":"default","ocean_custom_footer_template":"0"},"product_brand":[],"product_cat":[66],"product_tag":[],"class_list":{"0":"post-1394","1":"product","2":"type-product","3":"status-publish","4":"has-post-thumbnail","6":"product_cat-produits-enfants-du-desert","8":"entry","9":"has-media","11":"first","12":"instock","13":"shipping-taxable","14":"purchasable","15":"product-type-simple","16":"has-product-nav","17":"col","18":"span_1_of_3","19":"owp-content-center","20":"owp-thumbs-layout-horizontal","21":"owp-btn-normal","22":"owp-tabs-layout-horizontal","24":"circle-sale"},"jetpack-related-posts":[{"id":1325,"url":"https:\/\/enfantsdudesert.org\/boutique\/produit\/carnet-de-coloriages-et-de-decouvertes-enfants-du-desert\/","url_meta":{"origin":1394,"position":0},"title":"Carnet de coloriages et de d\u00e9couvertes Enfants du d\u00e9sert","author":"Monica","date":"19\/05\/2023","format":false,"excerpt":"\u00ab Mon carnet de coloriages et de d\u00e9couvertes sur le Maroc et l\u2019association Enfants du d\u00e9sert \u00bb :\u00a032 pages de coloriages et d\u2019anecdotes sur le Maroc, le d\u00e9sert et les actions de notre association. \ud83e\udd17 C\u2019est la complicit\u00e9 de deux s\u0153urs, Elsa et J\u00e9romine Lan\u00e7on et leur attachement aux enfants\u2026","rel":"","context":"Article similaire","block_context":{"text":"Article similaire","link":""},"img":{"alt_text":"","src":"https:\/\/i0.wp.com\/enfantsdudesert.org\/boutique\/wp-content\/uploads\/2023\/05\/Carnet-de-coloriages.webp?fit=600%2C800&ssl=1&resize=350%2C200","width":350,"height":200,"srcset":"https:\/\/i0.wp.com\/enfantsdudesert.org\/boutique\/wp-content\/uploads\/2023\/05\/Carnet-de-coloriages.webp?fit=600%2C800&ssl=1&resize=350%2C200 1x, https:\/\/i0.wp.com\/enfantsdudesert.org\/boutique\/wp-content\/uploads\/2023\/05\/Carnet-de-coloriages.webp?fit=600%2C800&ssl=1&resize=525%2C300 1.5x"},"classes":[]},{"id":1570,"url":"https:\/\/enfantsdudesert.org\/boutique\/produit\/miroir-de-poche-main-porte-bonheur\/","url_meta":{"origin":1394,"position":1},"title":"Miroir de poche &#8211; Main porte-bonheur","author":"Monica","date":"28\/03\/2024","format":false,"excerpt":"Miroir de poche r\u00e9alis\u00e9 \u00e0 partir de l\u2019illustration d'Elsa Lan\u00e7on du carnet de coloriages et de d\u00e9couvertes de l'association. Il est possible de combiner ce miroir de poche avec nos tee-shirts comportant le m\u00eame motif ! \u25b6 Diam\u00e8tre de\u00a07,5 cm \u2013 fabrication fran\u00e7aise, couleur grise (effet chin\u00e9) \ud83d\udc8c Frais de\u2026","rel":"","context":"Article similaire","block_context":{"text":"Article similaire","link":""},"img":{"alt_text":"","src":"https:\/\/i0.wp.com\/enfantsdudesert.org\/boutique\/wp-content\/uploads\/2023\/11\/WhatsApp-Image-2023-11-21-at-16.33.08-2-e1700580902386.jpeg?fit=768%2C709&ssl=1&resize=350%2C200","width":350,"height":200,"srcset":"https:\/\/i0.wp.com\/enfantsdudesert.org\/boutique\/wp-content\/uploads\/2023\/11\/WhatsApp-Image-2023-11-21-at-16.33.08-2-e1700580902386.jpeg?fit=768%2C709&ssl=1&resize=350%2C200 1x, https:\/\/i0.wp.com\/enfantsdudesert.org\/boutique\/wp-content\/uploads\/2023\/11\/WhatsApp-Image-2023-11-21-at-16.33.08-2-e1700580902386.jpeg?fit=768%2C709&ssl=1&resize=525%2C300 1.5x, https:\/\/i0.wp.com\/enfantsdudesert.org\/boutique\/wp-content\/uploads\/2023\/11\/WhatsApp-Image-2023-11-21-at-16.33.08-2-e1700580902386.jpeg?fit=768%2C709&ssl=1&resize=700%2C400 2x"},"classes":[]},{"id":1393,"url":"https:\/\/enfantsdudesert.org\/boutique\/produit\/peluche-enfants-du-desert\/","url_meta":{"origin":1394,"position":2},"title":"Peluche Fennec Enfants du d\u00e9sert","author":"Monica","date":"29\/05\/2023","format":false,"excerpt":"Haut de 13 cm, ce fennec du d\u00e9sert, appel\u00e9 aussi renard de poche, porte fi\u00e8rement un badge Enfants du d\u00e9sert ! \ud83e\udd8a Animal embl\u00e9matique du d\u00e9sert, il est devenu notre petite mascotte. \ud83e\udd70 Petit cadeau qui vous permettra de faire d\u00e9couvrir aux enfants l'existence de cet animal caract\u00e9ristique du d\u00e9sert\u2026","rel":"","context":"Article similaire","block_context":{"text":"Article similaire","link":""},"img":{"alt_text":"","src":"https:\/\/i0.wp.com\/enfantsdudesert.org\/boutique\/wp-content\/uploads\/2023\/05\/Fennec-1.webp?fit=600%2C800&ssl=1&resize=350%2C200","width":350,"height":200,"srcset":"https:\/\/i0.wp.com\/enfantsdudesert.org\/boutique\/wp-content\/uploads\/2023\/05\/Fennec-1.webp?fit=600%2C800&ssl=1&resize=350%2C200 1x, https:\/\/i0.wp.com\/enfantsdudesert.org\/boutique\/wp-content\/uploads\/2023\/05\/Fennec-1.webp?fit=600%2C800&ssl=1&resize=525%2C300 1.5x"},"classes":[]},{"id":1440,"url":"https:\/\/enfantsdudesert.org\/boutique\/produit\/tee-shirts-edd\/","url_meta":{"origin":1394,"position":3},"title":"Tee-shirt Enfants du d\u00e9sert","author":"Monica","date":"06\/06\/2023","format":false,"excerpt":"Tee-shirt Enfants du d\u00e9sert, main porte-bonheur, reprise de notre carnet de coloriages. Disponible en 2 couleurs, format loose. \u25b6\u00a0 Description du produit : Ce tee-shirt, forme loose, provient de :\u00a0https:\/\/www.mantisworld.com\/\u00a0- coton bio 80 % de coton - 20 % de polyester pour le teeshirt couleur\u00a0sable 60% de coton - 40\u2026","rel":"","context":"Article similaire","block_context":{"text":"Article similaire","link":""},"img":{"alt_text":"","src":"https:\/\/i0.wp.com\/enfantsdudesert.org\/boutique\/wp-content\/uploads\/2023\/06\/Gris-chine-1.webp?fit=600%2C800&ssl=1&resize=350%2C200","width":350,"height":200,"srcset":"https:\/\/i0.wp.com\/enfantsdudesert.org\/boutique\/wp-content\/uploads\/2023\/06\/Gris-chine-1.webp?fit=600%2C800&ssl=1&resize=350%2C200 1x, https:\/\/i0.wp.com\/enfantsdudesert.org\/boutique\/wp-content\/uploads\/2023\/06\/Gris-chine-1.webp?fit=600%2C800&ssl=1&resize=525%2C300 1.5x"},"classes":[]},{"id":1513,"url":"https:\/\/enfantsdudesert.org\/boutique\/produit\/bracelets-naima\/","url_meta":{"origin":1394,"position":4},"title":"Bracelets Na\u00efma","author":"Monica","date":"07\/07\/2023","format":false,"excerpt":"Ces bracelets repr\u00e9sentent beaucoup pour Na\u00efma : le r\u00eave d\u2019une vie stable, faite d\u2019autonomie et de s\u00e9r\u00e9nit\u00e9. \u270a Parfaits pour faire plaisir ou se faire plaisir, tout en soutenant Na\u00efma et ses filles. \u25b6 Vendus par lot de 3, dans une pochette en organza, \ud83c\udf00 Vous avez le choix :\u2026","rel":"","context":"Article similaire","block_context":{"text":"Article similaire","link":""},"img":{"alt_text":"","src":"https:\/\/i0.wp.com\/enfantsdudesert.org\/boutique\/wp-content\/uploads\/2023\/07\/WhatsApp-Image-2024-11-29-a-14.05.20_9327cdb1-scaled-e1732885921195.jpg?fit=1188%2C1200&ssl=1&resize=350%2C200","width":350,"height":200,"srcset":"https:\/\/i0.wp.com\/enfantsdudesert.org\/boutique\/wp-content\/uploads\/2023\/07\/WhatsApp-Image-2024-11-29-a-14.05.20_9327cdb1-scaled-e1732885921195.jpg?fit=1188%2C1200&ssl=1&resize=350%2C200 1x, https:\/\/i0.wp.com\/enfantsdudesert.org\/boutique\/wp-content\/uploads\/2023\/07\/WhatsApp-Image-2024-11-29-a-14.05.20_9327cdb1-scaled-e1732885921195.jpg?fit=1188%2C1200&ssl=1&resize=525%2C300 1.5x, https:\/\/i0.wp.com\/enfantsdudesert.org\/boutique\/wp-content\/uploads\/2023\/07\/WhatsApp-Image-2024-11-29-a-14.05.20_9327cdb1-scaled-e1732885921195.jpg?fit=1188%2C1200&ssl=1&resize=700%2C400 2x, https:\/\/i0.wp.com\/enfantsdudesert.org\/boutique\/wp-content\/uploads\/2023\/07\/WhatsApp-Image-2024-11-29-a-14.05.20_9327cdb1-scaled-e1732885921195.jpg?fit=1188%2C1200&ssl=1&resize=1050%2C600 3x"},"classes":[]},{"id":1334,"url":"https:\/\/enfantsdudesert.org\/boutique\/produit\/illustrations-cartes-carrees-enfants-du-desert-autrement\/","url_meta":{"origin":1394,"position":5},"title":"Cartes carr\u00e9es &#8220;Enfants du d\u00e9sert autrement&#8221;","author":"Monica","date":"19\/05\/2023","format":false,"excerpt":"Les cartes carr\u00e9es \"Enfants du d\u00e9sert autrement\", id\u00e9al pour partager avec vos proches des mots doux. Parfait \u00e9galement dans un cadre pour ajouter de la couleur dans votre int\u00e9rieur \ud83e\udd70 Juliette Lefebvre (@juju_illus) a r\u00e9alis\u00e9 ces six illustrations pour Enfants du d\u00e9sert \u00e0 partir de clich\u00e9s pris par nos b\u00e9n\u00e9voles\u2026","rel":"","context":"Article similaire","block_context":{"text":"Article similaire","link":""},"img":{"alt_text":"","src":"https:\/\/i0.wp.com\/enfantsdudesert.org\/boutique\/wp-content\/uploads\/2023\/05\/cartes-carees.jpeg?fit=400%2C300&ssl=1&resize=350%2C200","width":350,"height":200},"classes":[]}],"jetpack_sharing_enabled":true,"_links":{"self":[{"href":"https:\/\/enfantsdudesert.org\/boutique\/wp-json\/wp\/v2\/product\/1394","targetHints":{"allow":["GET"]}}],"collection":[{"href":"https:\/\/enfantsdudesert.org\/boutique\/wp-json\/wp\/v2\/product"}],"about":[{"href":"https:\/\/enfantsdudesert.org\/boutique\/wp-json\/wp\/v2\/types\/product"}],"wp:featuredmedia":[{"embeddable":true,"href":"https:\/\/enfantsdudesert.org\/boutique\/wp-json\/wp\/v2\/media\/1397"}],"wp:attachment":[{"href":"https:\/\/enfantsdudesert.org\/boutique\/wp-json\/wp\/v2\/media?parent=1394"}],"wp:term":[{"taxonomy":"product_brand","embeddable":true,"href":"https:\/\/enfantsdudesert.org\/boutique\/wp-json\/wp\/v2\/product_brand?post=1394"},{"taxonomy":"product_cat","embeddable":true,"href":"https:\/\/enfantsdudesert.org\/boutique\/wp-json\/wp\/v2\/product_cat?post=1394"},{"taxonomy":"product_tag","embeddable":true,"href":"https:\/\/enfantsdudesert.org\/boutique\/wp-json\/wp\/v2\/product_tag?post=1394"}],"curies":[{"name":"wp","href":"https:\/\/api.w.org\/{rel}","templated":true}]}}