{"id":1903,"date":"2024-11-27T16:33:15","date_gmt":"2024-11-27T15:33:15","guid":{"rendered":"https:\/\/enfantsdudesert.org\/boutique\/?post_type=product&#038;p=1903"},"modified":"2024-12-04T19:53:11","modified_gmt":"2024-12-04T18:53:11","slug":"chemise-en-jean-upcyclee-par-fatima-zahra-%f0%9f%a7%a1","status":"publish","type":"product","link":"https:\/\/enfantsdudesert.org\/boutique\/produit\/chemise-en-jean-upcyclee-par-fatima-zahra-%f0%9f%a7%a1\/","title":{"rendered":"Chemise Zahi par Fatima-Zahra \ud83d\udc9c"},"content":{"rendered":"","protected":false},"excerpt":{"rendered":"<p>D\u00e9couvrez cette chemise en jean au style loose et confortable, orn\u00e9e de sublimes broderies en perles de rocailles faites \u00e0 la main par Fatima-Zahra. Les motifs berb\u00e8res color\u00e9s apportent une touche authentique et \u00e9l\u00e9gante, c\u00e9l\u00e9brant un artisanat riche et une culture inspirante.<\/p>\n<p>\u2728 <strong>Pi\u00e8ce unique pour un look qui raconte une histoire.<\/strong><\/p>\n<p><strong>Id\u00e9es pour l\u2019adopter \ud83e\udd17<\/strong><\/p>\n<ul>\n<li>Portez-la ouverte sur un t-shirt,<\/li>\n<li>Rentrez-la dans un pantalon taille haute pour une tenue plus chic,<\/li>\n<li>Superposez-la sur un pull l\u00e9ger pour une touche hivernale.<\/li>\n<\/ul>\n<p><strong>D\u00e9tails \u27a1\ufe0f<\/strong><\/p>\n<ul>\n<li>Taille : taille M sur \u00e9tiquette, correspond \u00e0 un 40<\/li>\n<li>Largeur \u00e9paules : 46 cm<\/li>\n<li>Longueur dos : 72 cm<\/li>\n<li>Longueur manches : 66 cm<\/li>\n<\/ul>\n<p>\ud83d\udc8c Le prix inclut les frais de port (France m\u00e9tropolitaine).<br \/>\n\ud83e\udde1 <strong>100% des b\u00e9n\u00e9fices soutiennent Fatima-Zahra, c\u00e9l\u00e9brant son talent et son autonomie.<\/strong><\/p>\n","protected":false},"featured_media":1905,"template":"","meta":{"ocean_post_layout":"","ocean_both_sidebars_style":"","ocean_both_sidebars_content_width":0,"ocean_both_sidebars_sidebars_width":0,"ocean_sidebar":"0","ocean_second_sidebar":"0","ocean_disable_margins":"enable","ocean_add_body_class":"","ocean_shortcode_before_top_bar":"","ocean_shortcode_after_top_bar":"","ocean_shortcode_before_header":"","ocean_shortcode_after_header":"","ocean_has_shortcode":"","ocean_shortcode_after_title":"","ocean_shortcode_before_footer_widgets":"","ocean_shortcode_after_footer_widgets":"","ocean_shortcode_before_footer_bottom":"","ocean_shortcode_after_footer_bottom":"","ocean_display_top_bar":"default","ocean_display_header":"default","ocean_header_style":"","ocean_center_header_left_menu":"0","ocean_custom_header_template":"0","ocean_custom_logo":0,"ocean_custom_retina_logo":0,"ocean_custom_logo_max_width":0,"ocean_custom_logo_tablet_max_width":0,"ocean_custom_logo_mobile_max_width":0,"ocean_custom_logo_max_height":0,"ocean_custom_logo_tablet_max_height":0,"ocean_custom_logo_mobile_max_height":0,"ocean_header_custom_menu":"0","ocean_menu_typo_font_family":"0","ocean_menu_typo_font_subset":"","ocean_menu_typo_font_size":0,"ocean_menu_typo_font_size_tablet":0,"ocean_menu_typo_font_size_mobile":0,"ocean_menu_typo_font_size_unit":"px","ocean_menu_typo_font_weight":"","ocean_menu_typo_font_weight_tablet":"","ocean_menu_typo_font_weight_mobile":"","ocean_menu_typo_transform":"","ocean_menu_typo_transform_tablet":"","ocean_menu_typo_transform_mobile":"","ocean_menu_typo_line_height":0,"ocean_menu_typo_line_height_tablet":0,"ocean_menu_typo_line_height_mobile":0,"ocean_menu_typo_line_height_unit":"","ocean_menu_typo_spacing":0,"ocean_menu_typo_spacing_tablet":0,"ocean_menu_typo_spacing_mobile":0,"ocean_menu_typo_spacing_unit":"","ocean_menu_link_color":"","ocean_menu_link_color_hover":"","ocean_menu_link_color_active":"","ocean_menu_link_background":"","ocean_menu_link_hover_background":"","ocean_menu_link_active_background":"","ocean_menu_social_links_bg":"","ocean_menu_social_hover_links_bg":"","ocean_menu_social_links_color":"","ocean_menu_social_hover_links_color":"","ocean_disable_title":"default","ocean_disable_heading":"default","ocean_post_title":"","ocean_post_subheading":"","ocean_post_title_style":"","ocean_post_title_background_color":"","ocean_post_title_background":0,"ocean_post_title_bg_image_position":"","ocean_post_title_bg_image_attachment":"","ocean_post_title_bg_image_repeat":"","ocean_post_title_bg_image_size":"","ocean_post_title_height":0,"ocean_post_title_bg_overlay":0.5,"ocean_post_title_bg_overlay_color":"","ocean_disable_breadcrumbs":"default","ocean_breadcrumbs_color":"","ocean_breadcrumbs_separator_color":"","ocean_breadcrumbs_links_color":"","ocean_breadcrumbs_links_hover_color":"","ocean_display_footer_widgets":"default","ocean_display_footer_bottom":"default","ocean_custom_footer_template":"0"},"product_brand":[],"product_cat":[101,64,100,89],"product_tag":[],"class_list":{"0":"post-1903","1":"product","2":"type-product","3":"status-publish","4":"has-post-thumbnail","6":"product_cat-fatima-zahra","7":"product_cat-femmes-du-desert","8":"product_cat-type-de-produit","9":"product_cat-vetements-upcycles","11":"entry","12":"has-media","14":"first","15":"outofstock","16":"shipping-taxable","17":"purchasable","18":"product-type-simple","19":"has-product-nav","20":"col","21":"span_1_of_3","22":"owp-content-center","23":"owp-thumbs-layout-horizontal","24":"owp-btn-normal","25":"owp-tabs-layout-horizontal","27":"circle-sale"},"jetpack-related-posts":[{"id":2409,"url":"https:\/\/enfantsdudesert.org\/boutique\/produit\/tapis-fatima-zahra-par-hdidou%e2%9c%a8\/","url_meta":{"origin":1903,"position":0},"title":"Tapis Itri par Hdidou\u2728","author":"Monica","date":"09\/04\/2026","format":false,"excerpt":"\u2728 Itri : un tapis aux motifs sym\u00e9triques plein de peps\ud83c\udf1f Tiss\u00e9 avec passion par Hdidou, qui vit dans un petit village, ce tapis\u00a0s\u00e9duit par toutes ces couleurs intenses. \ud83d\udcf8 Sur la photo, le tapis Itri\u00a0est pr\u00e9sent\u00e9 par Lysiane, fid\u00e8le b\u00e9n\u00e9vole qui participe activement \u00e0 notre mission solidaire. Les d\u00e9tails\u00a0\u2026","rel":"","context":"Article similaire","block_context":{"text":"Article similaire","link":""},"img":{"alt_text":"","src":"https:\/\/i0.wp.com\/enfantsdudesert.org\/boutique\/wp-content\/uploads\/2025\/10\/IMG-20251019-WA0103-scaled.jpg?fit=900%2C1200&ssl=1&resize=350%2C200","width":350,"height":200,"srcset":"https:\/\/i0.wp.com\/enfantsdudesert.org\/boutique\/wp-content\/uploads\/2025\/10\/IMG-20251019-WA0103-scaled.jpg?fit=900%2C1200&ssl=1&resize=350%2C200 1x, https:\/\/i0.wp.com\/enfantsdudesert.org\/boutique\/wp-content\/uploads\/2025\/10\/IMG-20251019-WA0103-scaled.jpg?fit=900%2C1200&ssl=1&resize=525%2C300 1.5x, https:\/\/i0.wp.com\/enfantsdudesert.org\/boutique\/wp-content\/uploads\/2025\/10\/IMG-20251019-WA0103-scaled.jpg?fit=900%2C1200&ssl=1&resize=700%2C400 2x"},"classes":[]},{"id":2372,"url":"https:\/\/enfantsdudesert.org\/boutique\/produit\/tapis-zahra-par-mouamou-%e2%9c%a8\/","url_meta":{"origin":1903,"position":1},"title":"Tapis Zahra par Mouamou \u2728","author":"Monica","date":"19\/10\/2025","format":false,"excerpt":"\u2728 Zahra : un tapis aux motifs sym\u00e9triques plein de peps\ud83c\udf1f Tiss\u00e9 avec passion par Mouamou, qui vit dans un petit village au c\u0153ur du d\u00e9sert marocain, le tapis Zahra s\u00e9duit par ses douces couleurs. Orn\u00e9 de motifs sym\u00e9triques, il est une pi\u00e8ce d\u00e9licate et unique, id\u00e9ale pour dynamiser et\u2026","rel":"","context":"Article similaire","block_context":{"text":"Article similaire","link":""},"img":{"alt_text":"","src":"https:\/\/i0.wp.com\/enfantsdudesert.org\/boutique\/wp-content\/uploads\/2025\/10\/IMG-20251019-WA0090-scaled.jpg?fit=900%2C1200&ssl=1&resize=350%2C200","width":350,"height":200,"srcset":"https:\/\/i0.wp.com\/enfantsdudesert.org\/boutique\/wp-content\/uploads\/2025\/10\/IMG-20251019-WA0090-scaled.jpg?fit=900%2C1200&ssl=1&resize=350%2C200 1x, https:\/\/i0.wp.com\/enfantsdudesert.org\/boutique\/wp-content\/uploads\/2025\/10\/IMG-20251019-WA0090-scaled.jpg?fit=900%2C1200&ssl=1&resize=525%2C300 1.5x, https:\/\/i0.wp.com\/enfantsdudesert.org\/boutique\/wp-content\/uploads\/2025\/10\/IMG-20251019-WA0090-scaled.jpg?fit=900%2C1200&ssl=1&resize=700%2C400 2x"},"classes":[]},{"id":1697,"url":"https:\/\/enfantsdudesert.org\/boutique\/produit\/chemise-brodee-marguerite\/","url_meta":{"origin":1903,"position":2},"title":"Chemise brod\u00e9e Marguerite","author":"J\u00e9romine Lan\u00e7on","date":"05\/04\/2024","format":false,"excerpt":"Chemise jeans upcycl\u00e9e, brod\u00e9e par Cha\u00efmae \ud83e\udde1 Chemise marguerite brod\u00e9e \u00e0 la main. Une chemise de seconde main remise en valeur gr\u00e2ce au superbe travail de Cha\u00efmae. Mettez des fleurs dans votre vie !! \ud83c\udf3a Pi\u00e8ce unique \ud83d\udd06 Les infos \u21a9\ufe0f 14 ans, coupe large Largeur \u00e9paules 44cm \/ largeur\u2026","rel":"","context":"Article similaire","block_context":{"text":"Article similaire","link":""},"img":{"alt_text":"","src":"https:\/\/i0.wp.com\/enfantsdudesert.org\/boutique\/wp-content\/uploads\/2024\/04\/Chemise-Chaimae-marguerites-resto.webp?fit=626%2C800&ssl=1&resize=350%2C200","width":350,"height":200,"srcset":"https:\/\/i0.wp.com\/enfantsdudesert.org\/boutique\/wp-content\/uploads\/2024\/04\/Chemise-Chaimae-marguerites-resto.webp?fit=626%2C800&ssl=1&resize=350%2C200 1x, https:\/\/i0.wp.com\/enfantsdudesert.org\/boutique\/wp-content\/uploads\/2024\/04\/Chemise-Chaimae-marguerites-resto.webp?fit=626%2C800&ssl=1&resize=525%2C300 1.5x"},"classes":[]},{"id":2369,"url":"https:\/\/enfantsdudesert.org\/boutique\/produit\/tapis-fatima-par-boumezzough-%f0%9f%98%8d\/","url_meta":{"origin":1903,"position":3},"title":"Tapis Fatima par Boumezzough \ud83d\ude0d","author":"Monica","date":"19\/10\/2025","format":false,"excerpt":"Des losanges color\u00e9s sur un d\u00e9grad\u00e9 de beige, le tapis Fatima est une illustration de l'art berb\u00e8re. R\u00e9alis\u00e9 par Boumezzough avec beaucoup de talent et de patience, ce tapis s\u2019accordera facilement dans un salon, une chambre, un bureau ou une entr\u00e9e. Les d\u00e9tails : \ud83d\udd36 187 cm sur 90 cm,\u2026","rel":"","context":"Article similaire","block_context":{"text":"Article similaire","link":""},"img":{"alt_text":"","src":"https:\/\/i0.wp.com\/enfantsdudesert.org\/boutique\/wp-content\/uploads\/2025\/10\/IMG-20251019-WA0089-scaled.jpg?fit=900%2C1200&ssl=1&resize=350%2C200","width":350,"height":200,"srcset":"https:\/\/i0.wp.com\/enfantsdudesert.org\/boutique\/wp-content\/uploads\/2025\/10\/IMG-20251019-WA0089-scaled.jpg?fit=900%2C1200&ssl=1&resize=350%2C200 1x, https:\/\/i0.wp.com\/enfantsdudesert.org\/boutique\/wp-content\/uploads\/2025\/10\/IMG-20251019-WA0089-scaled.jpg?fit=900%2C1200&ssl=1&resize=525%2C300 1.5x, https:\/\/i0.wp.com\/enfantsdudesert.org\/boutique\/wp-content\/uploads\/2025\/10\/IMG-20251019-WA0089-scaled.jpg?fit=900%2C1200&ssl=1&resize=700%2C400 2x"},"classes":[]},{"id":1862,"url":"https:\/\/enfantsdudesert.org\/boutique\/produit\/veste-blanche-berbere\/","url_meta":{"origin":1903,"position":4},"title":"Veste Amazigh par A\u00efcha \ud83e\udef6","author":"Monica","date":"26\/11\/2024","format":false,"excerpt":"Veste jean blanche loose brod\u00e9e par A\u00efcha \ud83e\udde1 D\u00e9couvrez cette magnifique veste blanche courte et au style loose, mise en valeur par les broderies artisanales r\u00e9alis\u00e9es \u00e0 la main par A\u00efcha. Ses motifs color\u00e9s rappellent l\u2019h\u00e9ritage berb\u00e8re, cette cr\u00e9ation unique raconte une histoire et apportera une touche boh\u00e8me \u00e0 votre\u2026","rel":"","context":"Article similaire","block_context":{"text":"Article similaire","link":""},"img":{"alt_text":"","src":"https:\/\/i0.wp.com\/enfantsdudesert.org\/boutique\/wp-content\/uploads\/2024\/11\/WhatsApp-Image-2024-11-26-a-09.57.00_22e0bbbc-scaled.jpg?fit=900%2C1200&ssl=1&resize=350%2C200","width":350,"height":200,"srcset":"https:\/\/i0.wp.com\/enfantsdudesert.org\/boutique\/wp-content\/uploads\/2024\/11\/WhatsApp-Image-2024-11-26-a-09.57.00_22e0bbbc-scaled.jpg?fit=900%2C1200&ssl=1&resize=350%2C200 1x, https:\/\/i0.wp.com\/enfantsdudesert.org\/boutique\/wp-content\/uploads\/2024\/11\/WhatsApp-Image-2024-11-26-a-09.57.00_22e0bbbc-scaled.jpg?fit=900%2C1200&ssl=1&resize=525%2C300 1.5x, https:\/\/i0.wp.com\/enfantsdudesert.org\/boutique\/wp-content\/uploads\/2024\/11\/WhatsApp-Image-2024-11-26-a-09.57.00_22e0bbbc-scaled.jpg?fit=900%2C1200&ssl=1&resize=700%2C400 2x"},"classes":[]},{"id":1932,"url":"https:\/\/enfantsdudesert.org\/boutique\/produit\/veste-itran-par-aicha-%e2%9c%a8\/","url_meta":{"origin":1903,"position":5},"title":"Veste Itran par A\u00efcha \u2728","author":"Monica","date":"27\/11\/2024","format":false,"excerpt":"Veste en jean noire stretch brod\u00e9e par A\u00efcha \ud83e\udde1 D\u00e9couvrez cette superbe veste en jean noir stretch, au style moderne et d\u00e9contract\u00e9, sublim\u00e9e par des broderies artisanales r\u00e9alis\u00e9es \u00e0 la main par A\u00efcha. Les motifs berb\u00e8res triangulaires, color\u00e9s et pleins de caract\u00e8re, apportent une touche dynamique et raffin\u00e9e \u00e0 cette\u2026","rel":"","context":"Article similaire","block_context":{"text":"Article similaire","link":""},"img":{"alt_text":"","src":"https:\/\/i0.wp.com\/enfantsdudesert.org\/boutique\/wp-content\/uploads\/2024\/11\/WhatsApp-Image-2024-11-27-a-17.57.08_5d2ccd83-scaled.jpg?fit=900%2C1200&ssl=1&resize=350%2C200","width":350,"height":200,"srcset":"https:\/\/i0.wp.com\/enfantsdudesert.org\/boutique\/wp-content\/uploads\/2024\/11\/WhatsApp-Image-2024-11-27-a-17.57.08_5d2ccd83-scaled.jpg?fit=900%2C1200&ssl=1&resize=350%2C200 1x, https:\/\/i0.wp.com\/enfantsdudesert.org\/boutique\/wp-content\/uploads\/2024\/11\/WhatsApp-Image-2024-11-27-a-17.57.08_5d2ccd83-scaled.jpg?fit=900%2C1200&ssl=1&resize=525%2C300 1.5x, https:\/\/i0.wp.com\/enfantsdudesert.org\/boutique\/wp-content\/uploads\/2024\/11\/WhatsApp-Image-2024-11-27-a-17.57.08_5d2ccd83-scaled.jpg?fit=900%2C1200&ssl=1&resize=700%2C400 2x"},"classes":[]}],"jetpack_sharing_enabled":true,"_links":{"self":[{"href":"https:\/\/enfantsdudesert.org\/boutique\/wp-json\/wp\/v2\/product\/1903","targetHints":{"allow":["GET"]}}],"collection":[{"href":"https:\/\/enfantsdudesert.org\/boutique\/wp-json\/wp\/v2\/product"}],"about":[{"href":"https:\/\/enfantsdudesert.org\/boutique\/wp-json\/wp\/v2\/types\/product"}],"wp:featuredmedia":[{"embeddable":true,"href":"https:\/\/enfantsdudesert.org\/boutique\/wp-json\/wp\/v2\/media\/1905"}],"wp:attachment":[{"href":"https:\/\/enfantsdudesert.org\/boutique\/wp-json\/wp\/v2\/media?parent=1903"}],"wp:term":[{"taxonomy":"product_brand","embeddable":true,"href":"https:\/\/enfantsdudesert.org\/boutique\/wp-json\/wp\/v2\/product_brand?post=1903"},{"taxonomy":"product_cat","embeddable":true,"href":"https:\/\/enfantsdudesert.org\/boutique\/wp-json\/wp\/v2\/product_cat?post=1903"},{"taxonomy":"product_tag","embeddable":true,"href":"https:\/\/enfantsdudesert.org\/boutique\/wp-json\/wp\/v2\/product_tag?post=1903"}],"curies":[{"name":"wp","href":"https:\/\/api.w.org\/{rel}","templated":true}]}}