{"id":1932,"date":"2024-11-27T18:16:24","date_gmt":"2024-11-27T17:16:24","guid":{"rendered":"https:\/\/enfantsdudesert.org\/boutique\/?post_type=product&#038;p=1932"},"modified":"2025-10-19T19:31:52","modified_gmt":"2025-10-19T17:31:52","slug":"veste-itran-par-aicha-%e2%9c%a8","status":"publish","type":"product","link":"https:\/\/enfantsdudesert.org\/boutique\/produit\/veste-itran-par-aicha-%e2%9c%a8\/","title":{"rendered":"Veste Itran par A\u00efcha \u2728"},"content":{"rendered":"","protected":false},"excerpt":{"rendered":"<p><strong>Veste en jean noire stretch brod\u00e9e par A\u00efcha \ud83e\udde1<\/strong><\/p>\n<p>D\u00e9couvrez cette superbe veste en <strong>jean noir stretch<\/strong>, au style moderne et d\u00e9contract\u00e9, sublim\u00e9e par des broderies artisanales r\u00e9alis\u00e9es \u00e0 la main par A\u00efcha. Les motifs berb\u00e8res triangulaires, color\u00e9s et pleins de caract\u00e8re, apportent une touche dynamique et raffin\u00e9e \u00e0 cette pi\u00e8ce unique. Le tissu stretch assure un confort optimal et une coupe ajust\u00e9e, tout en mettant en valeur l\u2019\u00e9l\u00e9gance des broderies m\u00e9ticuleusement travaill\u00e9es par A\u00efcha.<\/p>\n<p><strong>Pi\u00e8ce unique \ud83d\udd06<\/strong><\/p>\n<p><strong>Id\u00e9es pour la porter\u00a0<\/strong><\/p>\n<ul>\n<li>Par-dessus une robe fluide ou ajust\u00e9e,<\/li>\n<li>Avec un pantalon ou un jean taille haute pour un style d\u00e9contract\u00e9,<\/li>\n<li>Parfaite pour l\u2019hiver, \u00e0 associer avec un col roul\u00e9 ou une \u00e9charpe pour une touche de confort et de chaleur.<\/li>\n<\/ul>\n<p><strong>Les infos \u27a1\ufe0f<\/strong><\/p>\n<ul>\n<li>Taille : 36 sur \u00e9tiquette<\/li>\n<li>Largeur \u00e9paules : 41 cm<\/li>\n<li>Longueur dos : 48 cm<\/li>\n<li>Longueur manches : 62 cm<\/li>\n<li>Veste neuve sublim\u00e9e par A\u00efcha<\/li>\n<\/ul>\n<p>\ud83d\udc8c Le prix comprend les frais de port (France m\u00e9tropolitaine).<\/p>\n<p>\ud83e\udde1 <strong>100% des b\u00e9n\u00e9fices sont revers\u00e9s \u00e0 A\u00efcha, soutenant ainsi son talent et son ind\u00e9pendance.<\/strong><\/p>\n","protected":false},"featured_media":1934,"template":"","meta":{"ocean_post_layout":"","ocean_both_sidebars_style":"","ocean_both_sidebars_content_width":0,"ocean_both_sidebars_sidebars_width":0,"ocean_sidebar":"0","ocean_second_sidebar":"0","ocean_disable_margins":"enable","ocean_add_body_class":"","ocean_shortcode_before_top_bar":"","ocean_shortcode_after_top_bar":"","ocean_shortcode_before_header":"","ocean_shortcode_after_header":"","ocean_has_shortcode":"","ocean_shortcode_after_title":"","ocean_shortcode_before_footer_widgets":"","ocean_shortcode_after_footer_widgets":"","ocean_shortcode_before_footer_bottom":"","ocean_shortcode_after_footer_bottom":"","ocean_display_top_bar":"default","ocean_display_header":"default","ocean_header_style":"","ocean_center_header_left_menu":"0","ocean_custom_header_template":"0","ocean_custom_logo":0,"ocean_custom_retina_logo":0,"ocean_custom_logo_max_width":0,"ocean_custom_logo_tablet_max_width":0,"ocean_custom_logo_mobile_max_width":0,"ocean_custom_logo_max_height":0,"ocean_custom_logo_tablet_max_height":0,"ocean_custom_logo_mobile_max_height":0,"ocean_header_custom_menu":"0","ocean_menu_typo_font_family":"0","ocean_menu_typo_font_subset":"","ocean_menu_typo_font_size":0,"ocean_menu_typo_font_size_tablet":0,"ocean_menu_typo_font_size_mobile":0,"ocean_menu_typo_font_size_unit":"px","ocean_menu_typo_font_weight":"","ocean_menu_typo_font_weight_tablet":"","ocean_menu_typo_font_weight_mobile":"","ocean_menu_typo_transform":"","ocean_menu_typo_transform_tablet":"","ocean_menu_typo_transform_mobile":"","ocean_menu_typo_line_height":0,"ocean_menu_typo_line_height_tablet":0,"ocean_menu_typo_line_height_mobile":0,"ocean_menu_typo_line_height_unit":"","ocean_menu_typo_spacing":0,"ocean_menu_typo_spacing_tablet":0,"ocean_menu_typo_spacing_mobile":0,"ocean_menu_typo_spacing_unit":"","ocean_menu_link_color":"","ocean_menu_link_color_hover":"","ocean_menu_link_color_active":"","ocean_menu_link_background":"","ocean_menu_link_hover_background":"","ocean_menu_link_active_background":"","ocean_menu_social_links_bg":"","ocean_menu_social_hover_links_bg":"","ocean_menu_social_links_color":"","ocean_menu_social_hover_links_color":"","ocean_disable_title":"default","ocean_disable_heading":"default","ocean_post_title":"","ocean_post_subheading":"","ocean_post_title_style":"","ocean_post_title_background_color":"","ocean_post_title_background":0,"ocean_post_title_bg_image_position":"","ocean_post_title_bg_image_attachment":"","ocean_post_title_bg_image_repeat":"","ocean_post_title_bg_image_size":"","ocean_post_title_height":0,"ocean_post_title_bg_overlay":0.5,"ocean_post_title_bg_overlay_color":"","ocean_disable_breadcrumbs":"default","ocean_breadcrumbs_color":"","ocean_breadcrumbs_separator_color":"","ocean_breadcrumbs_links_color":"","ocean_breadcrumbs_links_hover_color":"","ocean_display_footer_widgets":"default","ocean_display_footer_bottom":"default","ocean_custom_footer_template":"0"},"product_brand":[],"product_cat":[127,64,92,100,89],"product_tag":[],"class_list":{"0":"post-1932","1":"product","2":"type-product","3":"status-publish","4":"has-post-thumbnail","6":"product_cat-vetements","7":"product_cat-femmes-du-desert","8":"product_cat-aicha","9":"product_cat-type-de-produit","10":"product_cat-vetements-upcycles","12":"entry","13":"has-media","15":"first","16":"outofstock","17":"shipping-taxable","18":"purchasable","19":"product-type-simple","20":"has-product-nav","21":"col","22":"span_1_of_3","23":"owp-content-center","24":"owp-thumbs-layout-horizontal","25":"owp-btn-normal","26":"owp-tabs-layout-horizontal","28":"circle-sale"},"jetpack-related-posts":[{"id":1862,"url":"https:\/\/enfantsdudesert.org\/boutique\/produit\/veste-blanche-berbere\/","url_meta":{"origin":1932,"position":0},"title":"Veste Amazigh par A\u00efcha \ud83e\udef6","author":"Monica","date":"26\/11\/2024","format":false,"excerpt":"Veste jean blanche loose brod\u00e9e par A\u00efcha \ud83e\udde1 D\u00e9couvrez cette magnifique veste blanche courte et au style loose, mise en valeur par les broderies artisanales r\u00e9alis\u00e9es \u00e0 la main par A\u00efcha. Ses motifs color\u00e9s rappellent l\u2019h\u00e9ritage berb\u00e8re, cette cr\u00e9ation unique raconte une histoire et apportera une touche boh\u00e8me \u00e0 votre\u2026","rel":"","context":"Article similaire","block_context":{"text":"Article similaire","link":""},"img":{"alt_text":"","src":"https:\/\/i0.wp.com\/enfantsdudesert.org\/boutique\/wp-content\/uploads\/2024\/11\/WhatsApp-Image-2024-11-26-a-09.57.00_22e0bbbc-scaled.jpg?fit=900%2C1200&ssl=1&resize=350%2C200","width":350,"height":200,"srcset":"https:\/\/i0.wp.com\/enfantsdudesert.org\/boutique\/wp-content\/uploads\/2024\/11\/WhatsApp-Image-2024-11-26-a-09.57.00_22e0bbbc-scaled.jpg?fit=900%2C1200&ssl=1&resize=350%2C200 1x, https:\/\/i0.wp.com\/enfantsdudesert.org\/boutique\/wp-content\/uploads\/2024\/11\/WhatsApp-Image-2024-11-26-a-09.57.00_22e0bbbc-scaled.jpg?fit=900%2C1200&ssl=1&resize=525%2C300 1.5x, https:\/\/i0.wp.com\/enfantsdudesert.org\/boutique\/wp-content\/uploads\/2024\/11\/WhatsApp-Image-2024-11-26-a-09.57.00_22e0bbbc-scaled.jpg?fit=900%2C1200&ssl=1&resize=700%2C400 2x"},"classes":[]},{"id":1926,"url":"https:\/\/enfantsdudesert.org\/boutique\/produit\/veste-achnou-par-rachida-%f0%9f%a4%8d\/","url_meta":{"origin":1932,"position":1},"title":"Veste Achnou par Rachida \ud83e\udd0d","author":"Monica","date":"27\/11\/2024","format":false,"excerpt":"Veste blanche brod\u00e9e en fil Rachida \ud83e\udde1 D\u00e9couvrez cette magnifique veste blanche au style loose, mise en valeur par les broderies en fil r\u00e9alis\u00e9es \u00e0 la main par Rachida. Ses motifs orientaux, pr\u00e9sents recto-verso, apportent une touche raffin\u00e9e et authentique, inspir\u00e9e des traditions artisanales. Chaque d\u00e9tail, minutieusement brod\u00e9, refl\u00e8te l\u2019h\u00e9ritage\u2026","rel":"","context":"Article similaire","block_context":{"text":"Article similaire","link":""},"img":{"alt_text":"","src":"https:\/\/i0.wp.com\/enfantsdudesert.org\/boutique\/wp-content\/uploads\/2024\/11\/Achnou-2-scaled.jpg?fit=900%2C1200&ssl=1&resize=350%2C200","width":350,"height":200,"srcset":"https:\/\/i0.wp.com\/enfantsdudesert.org\/boutique\/wp-content\/uploads\/2024\/11\/Achnou-2-scaled.jpg?fit=900%2C1200&ssl=1&resize=350%2C200 1x, https:\/\/i0.wp.com\/enfantsdudesert.org\/boutique\/wp-content\/uploads\/2024\/11\/Achnou-2-scaled.jpg?fit=900%2C1200&ssl=1&resize=525%2C300 1.5x, https:\/\/i0.wp.com\/enfantsdudesert.org\/boutique\/wp-content\/uploads\/2024\/11\/Achnou-2-scaled.jpg?fit=900%2C1200&ssl=1&resize=700%2C400 2x"},"classes":[]},{"id":1727,"url":"https:\/\/enfantsdudesert.org\/boutique\/produit\/pochette-berbere-par-aicha\/","url_meta":{"origin":1932,"position":2},"title":"Pochette berb\u00e8re par A\u00efcha","author":"J\u00e9romine Lan\u00e7on","date":"22\/04\/2024","format":false,"excerpt":"Ces pochettes ont \u00e9t\u00e9 brod\u00e9es \u00e0 la main par A\u00efcha, maman de deux petites filles parrain\u00e9es.\u00a0Elle nous transmet \u00e0 travers ses broderies toute sa culture berb\u00e8re. \u2728\ud83e\udd17 \u25b6\ufe0f 2 tailles disponibles : S : Dimensions : 13cm x 12.5cm x 6 cm - 12 \u20ac L : Dimensions : 23cm\u2026","rel":"","context":"Article similaire","block_context":{"text":"Article similaire","link":""},"img":{"alt_text":"","src":"https:\/\/i0.wp.com\/enfantsdudesert.org\/boutique\/wp-content\/uploads\/2024\/04\/Pochette-brodee-Aicha-1-e1713776727458.webp?fit=600%2C582&ssl=1&resize=350%2C200","width":350,"height":200,"srcset":"https:\/\/i0.wp.com\/enfantsdudesert.org\/boutique\/wp-content\/uploads\/2024\/04\/Pochette-brodee-Aicha-1-e1713776727458.webp?fit=600%2C582&ssl=1&resize=350%2C200 1x, https:\/\/i0.wp.com\/enfantsdudesert.org\/boutique\/wp-content\/uploads\/2024\/04\/Pochette-brodee-Aicha-1-e1713776727458.webp?fit=600%2C582&ssl=1&resize=525%2C300 1.5x"},"classes":[]},{"id":2027,"url":"https:\/\/enfantsdudesert.org\/boutique\/produit\/pochette-tiziri-par-aicha-%f0%9f%94%bb\/","url_meta":{"origin":1932,"position":3},"title":"Pochette &#8220;Tiziri&#8221; par Aicha \ud83d\udd3b","author":"Monica","date":"29\/11\/2024","format":false,"excerpt":"Cette joyeuse pochette en jute, fabriqu\u00e9e au Maroc, a \u00e9t\u00e9 brod\u00e9e \u00e0 la main par A\u00efcha depuis Rissani, une ville situ\u00e9e aux portes du d\u00e9sert. \ud83c\udf19 Ces motifs triangulaires berb\u00e8res se retrouvent partout dans la r\u00e9gion du d\u00e9sert marocain. Brod\u00e9s avec soin,\u00a0 ils donnent \u00e0 cette pochette un caract\u00e8re unique,\u2026","rel":"","context":"Article similaire","block_context":{"text":"Article similaire","link":""},"img":{"alt_text":"","src":"https:\/\/i0.wp.com\/enfantsdudesert.org\/boutique\/wp-content\/uploads\/2024\/11\/WhatsApp-Image-2024-11-29-a-11.27.14_bddf4359-scaled.jpg?fit=900%2C1200&ssl=1&resize=350%2C200","width":350,"height":200,"srcset":"https:\/\/i0.wp.com\/enfantsdudesert.org\/boutique\/wp-content\/uploads\/2024\/11\/WhatsApp-Image-2024-11-29-a-11.27.14_bddf4359-scaled.jpg?fit=900%2C1200&ssl=1&resize=350%2C200 1x, https:\/\/i0.wp.com\/enfantsdudesert.org\/boutique\/wp-content\/uploads\/2024\/11\/WhatsApp-Image-2024-11-29-a-11.27.14_bddf4359-scaled.jpg?fit=900%2C1200&ssl=1&resize=525%2C300 1.5x, https:\/\/i0.wp.com\/enfantsdudesert.org\/boutique\/wp-content\/uploads\/2024\/11\/WhatsApp-Image-2024-11-29-a-11.27.14_bddf4359-scaled.jpg?fit=900%2C1200&ssl=1&resize=700%2C400 2x"},"classes":[]},{"id":2355,"url":"https:\/\/enfantsdudesert.org\/boutique\/produit\/tapis-aicha-par-boumezzough-%f0%9f%98%8d\/","url_meta":{"origin":1932,"position":4},"title":"Tapis A\u00efcha par Boumezzough \ud83d\ude0d","author":"Monica","date":"19\/10\/2025","format":false,"excerpt":"Des motifs berb\u00e8res sur un d\u00e9grad\u00e9 de beige, le tapis A\u00efcha porte bien son nom ! R\u00e9alis\u00e9 par Boumezzough avec beaucoup de talent et de patience, ce tapis s\u2019accordera facilement dans un salon, une chambre, un bureau ou une entr\u00e9e. Les d\u00e9tails : \ud83d\udd36 173 cm sur 88 cm, \ud83d\udd36\u2026","rel":"","context":"Article similaire","block_context":{"text":"Article similaire","link":""},"img":{"alt_text":"","src":"https:\/\/i0.wp.com\/enfantsdudesert.org\/boutique\/wp-content\/uploads\/2025\/10\/IMG-20251019-WA0073-scaled.jpg?fit=900%2C1200&ssl=1&resize=350%2C200","width":350,"height":200,"srcset":"https:\/\/i0.wp.com\/enfantsdudesert.org\/boutique\/wp-content\/uploads\/2025\/10\/IMG-20251019-WA0073-scaled.jpg?fit=900%2C1200&ssl=1&resize=350%2C200 1x, https:\/\/i0.wp.com\/enfantsdudesert.org\/boutique\/wp-content\/uploads\/2025\/10\/IMG-20251019-WA0073-scaled.jpg?fit=900%2C1200&ssl=1&resize=525%2C300 1.5x, https:\/\/i0.wp.com\/enfantsdudesert.org\/boutique\/wp-content\/uploads\/2025\/10\/IMG-20251019-WA0073-scaled.jpg?fit=900%2C1200&ssl=1&resize=700%2C400 2x"},"classes":[]},{"id":1686,"url":"https:\/\/enfantsdudesert.org\/boutique\/produit\/veste-en-jean-brodee\/","url_meta":{"origin":1932,"position":5},"title":"Veste en jean brod\u00e9e","author":"J\u00e9romine Lan\u00e7on","date":"24\/04\/2024","format":false,"excerpt":"Veste upcycl\u00e9e brod\u00e9e par Cha\u00efmae \ud83e\udde1 Veste en jean brod\u00e9e (recto\/verso) \u00e0 la main. Une veste de seconde main remise en valeur gr\u00e2ce au superbe travail de Cha\u00efmae. Un joli motif floral devant et derri\u00e8re qui r\u00e9v\u00e8le un savoir faire artisanal exceptionnel. Pi\u00e8ces unique \u2728 Les infos \u2935\ufe0f Elim\u00e9e aux\u2026","rel":"","context":"Article similaire","block_context":{"text":"Article similaire","link":""},"img":{"alt_text":"","src":"https:\/\/i0.wp.com\/enfantsdudesert.org\/boutique\/wp-content\/uploads\/2024\/04\/Veste-Chaimae-fleurs-rouge-et-jaune-recto.webp?fit=600%2C800&ssl=1&resize=350%2C200","width":350,"height":200,"srcset":"https:\/\/i0.wp.com\/enfantsdudesert.org\/boutique\/wp-content\/uploads\/2024\/04\/Veste-Chaimae-fleurs-rouge-et-jaune-recto.webp?fit=600%2C800&ssl=1&resize=350%2C200 1x, https:\/\/i0.wp.com\/enfantsdudesert.org\/boutique\/wp-content\/uploads\/2024\/04\/Veste-Chaimae-fleurs-rouge-et-jaune-recto.webp?fit=600%2C800&ssl=1&resize=525%2C300 1.5x"},"classes":[]}],"jetpack_sharing_enabled":true,"_links":{"self":[{"href":"https:\/\/enfantsdudesert.org\/boutique\/wp-json\/wp\/v2\/product\/1932","targetHints":{"allow":["GET"]}}],"collection":[{"href":"https:\/\/enfantsdudesert.org\/boutique\/wp-json\/wp\/v2\/product"}],"about":[{"href":"https:\/\/enfantsdudesert.org\/boutique\/wp-json\/wp\/v2\/types\/product"}],"wp:featuredmedia":[{"embeddable":true,"href":"https:\/\/enfantsdudesert.org\/boutique\/wp-json\/wp\/v2\/media\/1934"}],"wp:attachment":[{"href":"https:\/\/enfantsdudesert.org\/boutique\/wp-json\/wp\/v2\/media?parent=1932"}],"wp:term":[{"taxonomy":"product_brand","embeddable":true,"href":"https:\/\/enfantsdudesert.org\/boutique\/wp-json\/wp\/v2\/product_brand?post=1932"},{"taxonomy":"product_cat","embeddable":true,"href":"https:\/\/enfantsdudesert.org\/boutique\/wp-json\/wp\/v2\/product_cat?post=1932"},{"taxonomy":"product_tag","embeddable":true,"href":"https:\/\/enfantsdudesert.org\/boutique\/wp-json\/wp\/v2\/product_tag?post=1932"}],"curies":[{"name":"wp","href":"https:\/\/api.w.org\/{rel}","templated":true}]}}